{"id":377,"date":"2020-02-24T12:16:50","date_gmt":"2020-02-24T11:16:50","guid":{"rendered":"http:\/\/lepreenbulle.fr\/?page_id=377"},"modified":"2020-06-28T15:51:21","modified_gmt":"2020-06-28T13:51:21","slug":"bullegreen","status":"publish","type":"page","link":"https:\/\/lepreenbulle.fr\/?page_id=377","title":{"rendered":"La Bulle&#8217;Nature"},"content":{"rendered":"<p>Vous \u00eates :<\/p>\n<ul>\n<li>Un(e) ind\u00e9pendant(e),<\/li>\n<li>Un(e) consultant(e) itin\u00e9rant(e), commercial(e)<\/li>\n<li>Un(e) entrepreneur(e),<\/li>\n<\/ul>\n<p>Et vous recherchez un endroit confortable et convivial pour recevoir vos clients ?<img loading=\"lazy\" decoding=\"async\" class=\"  alignnone wp-image-449 size-medium\" src=\"http:\/\/lepreenbulle.fr\/wp-content\/uploads\/2020\/05\/location_bureau_vendee45b-300x139.jpg\" alt=\"\" width=\"300\" height=\"139\" srcset=\"https:\/\/lepreenbulle.fr\/wp-content\/uploads\/2020\/05\/location_bureau_vendee45b-300x139.jpg 300w, https:\/\/lepreenbulle.fr\/wp-content\/uploads\/2020\/05\/location_bureau_vendee45b-1024x473.jpg 1024w, https:\/\/lepreenbulle.fr\/wp-content\/uploads\/2020\/05\/location_bureau_vendee45b-768x355.jpg 768w, https:\/\/lepreenbulle.fr\/wp-content\/uploads\/2020\/05\/location_bureau_vendee45b-1536x709.jpg 1536w, https:\/\/lepreenbulle.fr\/wp-content\/uploads\/2020\/05\/location_bureau_vendee45b-2048x946.jpg 2048w\" sizes=\"auto, (max-width: 300px) 100vw, 300px\" \/> <img loading=\"lazy\" decoding=\"async\" class=\"alignnone wp-image-451 size-medium\" src=\"http:\/\/lepreenbulle.fr\/wp-content\/uploads\/2020\/05\/location_bureau_vendee45c-300x138.jpg\" alt=\"\" width=\"300\" height=\"138\" srcset=\"https:\/\/lepreenbulle.fr\/wp-content\/uploads\/2020\/05\/location_bureau_vendee45c-300x138.jpg 300w, https:\/\/lepreenbulle.fr\/wp-content\/uploads\/2020\/05\/location_bureau_vendee45c-1024x472.jpg 1024w, https:\/\/lepreenbulle.fr\/wp-content\/uploads\/2020\/05\/location_bureau_vendee45c-768x354.jpg 768w, https:\/\/lepreenbulle.fr\/wp-content\/uploads\/2020\/05\/location_bureau_vendee45c-1536x708.jpg 1536w, https:\/\/lepreenbulle.fr\/wp-content\/uploads\/2020\/05\/location_bureau_vendee45c-2048x944.jpg 2048w\" sizes=\"auto, (max-width: 300px) 100vw, 300px\" \/><\/p>\n<p>La <span style=\"color: #99cc00;\"><strong>Bulle&#8217;Nature<\/strong><\/span> est faite pour vous !<\/p>\n<p>Louable aussi bien \u00e0 l&#8217;heure qu&#8217;\u00e0 la demi-journ\u00e9e ou journ\u00e9e.<\/p>\n<ul>\n<li>La <span style=\"color: #99cc00;\"><strong>Bulle&#8217;Nature<\/strong><\/span>, espace bienveillant pour vos rendez-vous en face \u00e0 face ou vos consultation en p&#8217;tit salon.(8.50\u20ac\/h; 30\u20ac la 1\/2 journ\u00e9e; 50\u20ac\/journ\u00e9e; 350\u20ac\/mois).<\/li>\n<li>La <span style=\"color: #99cc00;\"><strong>Bulle&#8217;Nature<\/strong><\/span> s&#8217;est \u00e9galement s&#8217;adapter \u00e0 vos besoins : m\u00e9decine douce, massage bien-\u00eatre.<\/li>\n<\/ul>\n\n\n<figure class=\"wp-block-image size-large\"><img loading=\"lazy\" decoding=\"async\" width=\"1024\" height=\"473\" src=\"http:\/\/lepreenbulle.fr\/wp-content\/uploads\/2020\/02\/location_bureau_vendee70-1024x473.jpg\" alt=\"\" class=\"wp-image-380\" srcset=\"https:\/\/lepreenbulle.fr\/wp-content\/uploads\/2020\/02\/location_bureau_vendee70-1024x473.jpg 1024w, https:\/\/lepreenbulle.fr\/wp-content\/uploads\/2020\/02\/location_bureau_vendee70-300x139.jpg 300w, https:\/\/lepreenbulle.fr\/wp-content\/uploads\/2020\/02\/location_bureau_vendee70-768x355.jpg 768w, https:\/\/lepreenbulle.fr\/wp-content\/uploads\/2020\/02\/location_bureau_vendee70-1536x709.jpg 1536w, https:\/\/lepreenbulle.fr\/wp-content\/uploads\/2020\/02\/location_bureau_vendee70-2048x946.jpg 2048w\" sizes=\"auto, (max-width: 1024px) 100vw, 1024px\" \/><\/figure>\n\n\n\n<p><strong>A<span style=\"text-decoration: underline;\">m\u00e9nagement sp\u00e9cial COVID-19<\/span><\/strong><\/p>\n\n\n\n<figure class=\"wp-block-gallery columns-1 is-cropped wp-block-gallery-1 is-layout-flex wp-block-gallery-is-layout-flex\"><ul class=\"blocks-gallery-grid\"><li class=\"blocks-gallery-item\"><figure><img loading=\"lazy\" decoding=\"async\" width=\"1024\" height=\"472\" src=\"http:\/\/lepreenbulle.fr\/wp-content\/uploads\/2020\/05\/location_bureau_vendee45covid4-1024x472.jpg\" alt=\"\" data-id=\"489\" data-full-url=\"http:\/\/lepreenbulle.fr\/wp-content\/uploads\/2020\/05\/location_bureau_vendee45covid4-scaled.jpg\" data-link=\"http:\/\/lepreenbulle.fr\/?attachment_id=489\" class=\"wp-image-489\" srcset=\"https:\/\/lepreenbulle.fr\/wp-content\/uploads\/2020\/05\/location_bureau_vendee45covid4-1024x472.jpg 1024w, https:\/\/lepreenbulle.fr\/wp-content\/uploads\/2020\/05\/location_bureau_vendee45covid4-300x138.jpg 300w, https:\/\/lepreenbulle.fr\/wp-content\/uploads\/2020\/05\/location_bureau_vendee45covid4-768x354.jpg 768w, https:\/\/lepreenbulle.fr\/wp-content\/uploads\/2020\/05\/location_bureau_vendee45covid4-1536x708.jpg 1536w, https:\/\/lepreenbulle.fr\/wp-content\/uploads\/2020\/05\/location_bureau_vendee45covid4-2048x944.jpg 2048w\" sizes=\"auto, (max-width: 1024px) 100vw, 1024px\" \/><\/figure><\/li><\/ul><\/figure>\n\n\n\n<p><strong>Bulle&#8217;Nature <\/strong>s&#8217;est r\u00e9am\u00e9nag\u00e9e afin de r\u00e9pondre aux mesures de s\u00e9curit\u00e9 li\u00e9e au virus Covid-19.<\/p>\n\n\n\n<p>Ainsi, seules 2 personnes sont autoris\u00e9es dans ce bureau. Une distance de 1.20m est pr\u00e9sente entre les 2 chaises du bureau, ainsi qu&#8217;entre les 2 fauteuils de consultation.<\/p>\n\n\n\n<p>Un kit de d\u00e9sinfection des surfaces, des textiles et des mains est disponible. La surface du bureau comme les coussins d&#8217;assise des fauteuils ont \u00e9t\u00e9 recouverts d&#8217;une mati\u00e8re supportant une d\u00e9sinfection fr\u00e9quente.<\/p>\n\n\n\n<p>Le port du masque vous est conseill\u00e9 ainsi qu&#8217;\u00e0 vos clients\/patients. Nous n&#8217;en fournissons pas.<\/p>\n\n\n\n<p>Pour une question d&#8217;hygi\u00e8ne, les carafes et verres ont \u00e9t\u00e9 retir\u00e9s. Nous vous conseillons d&#8217;apporter votre propre &#8220;gourde\/bouteille&#8221;.<\/p>\n\n\n\n<figure class=\"wp-block-image size-large\"><img loading=\"lazy\" decoding=\"async\" width=\"1024\" height=\"472\" src=\"http:\/\/lepreenbulle.fr\/wp-content\/uploads\/2020\/05\/location_bureau_vendee45covid3-1-1024x472.jpg\" alt=\"\" class=\"wp-image-463\" srcset=\"https:\/\/lepreenbulle.fr\/wp-content\/uploads\/2020\/05\/location_bureau_vendee45covid3-1-1024x472.jpg 1024w, https:\/\/lepreenbulle.fr\/wp-content\/uploads\/2020\/05\/location_bureau_vendee45covid3-1-300x138.jpg 300w, https:\/\/lepreenbulle.fr\/wp-content\/uploads\/2020\/05\/location_bureau_vendee45covid3-1-768x354.jpg 768w, https:\/\/lepreenbulle.fr\/wp-content\/uploads\/2020\/05\/location_bureau_vendee45covid3-1-1536x708.jpg 1536w, https:\/\/lepreenbulle.fr\/wp-content\/uploads\/2020\/05\/location_bureau_vendee45covid3-1-2048x944.jpg 2048w\" sizes=\"auto, (max-width: 1024px) 100vw, 1024px\" \/><\/figure>\n\n\n\n<p>      <\/p>\n","protected":false},"excerpt":{"rendered":"<p>Vous \u00eates : Un(e) ind\u00e9pendant(e), Un(e) consultant(e) itin\u00e9rant(e), commercial(e) Un(e) entrepreneur(e), Et vous recherchez un endroit confortable et convivial pour recevoir vos clients ? La Bulle&#8217;Nature est faite pour vous ! Louable aussi bien \u00e0 l&#8217;heure qu&#8217;\u00e0 la demi-journ\u00e9e ou journ\u00e9e. La Bulle&#8217;Nature, espace bienveillant pour vos rendez-vous en face \u00e0 face ou vos consultation&hellip; <a href=\"https:\/\/lepreenbulle.fr\/?page_id=377\" class=\"more-link\">Lire la suite <span class=\"screen-reader-text\">La Bulle&#8217;Nature<\/span><\/a><\/p>\n","protected":false},"author":1,"featured_media":449,"parent":28,"menu_order":0,"comment_status":"closed","ping_status":"closed","template":"","meta":{"footnotes":""},"tags":[],"class_list":["post-377","page","type-page","status-publish","has-post-thumbnail","hentry","without-featured-image"],"jetpack_sharing_enabled":true,"_links":{"self":[{"href":"https:\/\/lepreenbulle.fr\/index.php?rest_route=\/wp\/v2\/pages\/377","targetHints":{"allow":["GET"]}}],"collection":[{"href":"https:\/\/lepreenbulle.fr\/index.php?rest_route=\/wp\/v2\/pages"}],"about":[{"href":"https:\/\/lepreenbulle.fr\/index.php?rest_route=\/wp\/v2\/types\/page"}],"author":[{"embeddable":true,"href":"https:\/\/lepreenbulle.fr\/index.php?rest_route=\/wp\/v2\/users\/1"}],"replies":[{"embeddable":true,"href":"https:\/\/lepreenbulle.fr\/index.php?rest_route=%2Fwp%2Fv2%2Fcomments&post=377"}],"version-history":[{"count":14,"href":"https:\/\/lepreenbulle.fr\/index.php?rest_route=\/wp\/v2\/pages\/377\/revisions"}],"predecessor-version":[{"id":559,"href":"https:\/\/lepreenbulle.fr\/index.php?rest_route=\/wp\/v2\/pages\/377\/revisions\/559"}],"up":[{"embeddable":true,"href":"https:\/\/lepreenbulle.fr\/index.php?rest_route=\/wp\/v2\/pages\/28"}],"wp:featuredmedia":[{"embeddable":true,"href":"https:\/\/lepreenbulle.fr\/index.php?rest_route=\/wp\/v2\/media\/449"}],"wp:attachment":[{"href":"https:\/\/lepreenbulle.fr\/index.php?rest_route=%2Fwp%2Fv2%2Fmedia&parent=377"}],"wp:term":[{"taxonomy":"post_tag","embeddable":true,"href":"https:\/\/lepreenbulle.fr\/index.php?rest_route=%2Fwp%2Fv2%2Ftags&post=377"}],"curies":[{"name":"wp","href":"https:\/\/api.w.org\/{rel}","templated":true}]}}