{"id":148,"date":"2019-09-03T15:33:31","date_gmt":"2019-09-03T14:33:31","guid":{"rendered":"https:\/\/lepreenbulle.wordpress.com\/?page_id=148"},"modified":"2019-10-15T10:12:40","modified_gmt":"2019-10-15T08:12:40","slug":"charte-ethique","status":"publish","type":"page","link":"https:\/\/lepreenbulle.fr\/?page_id=148","title":{"rendered":"Charte \u00e9thique et r\u00e8glement int\u00e9rieur"},"content":{"rendered":"<p>Au <strong><span style=\"color: #33cccc;\">Pr\u00e9 En Bulle<\/span><\/strong>, la cause environnementale est une valeur forte.<\/p>\n<p><img loading=\"lazy\" decoding=\"async\" class=\"alignnone size-full wp-image-156\" src=\"http:\/\/lepreenbulle.fr\/wp-content\/uploads\/2019\/09\/location_bureau_vendee12.jpg\" alt=\"location_bureau_vendee12\" width=\"509\" height=\"340\" srcset=\"https:\/\/lepreenbulle.fr\/wp-content\/uploads\/2019\/09\/location_bureau_vendee12.jpg 509w, https:\/\/lepreenbulle.fr\/wp-content\/uploads\/2019\/09\/location_bureau_vendee12-300x200.jpg 300w\" sizes=\"auto, (max-width: 509px) 100vw, 509px\" \/><\/p>\n<p>C&#8217;est pour cette raison, que l&#8217;usage du &#8220;plastique&#8221; est minimis\u00e9 (ex : usage de bouteilles d&#8217;eau en verre) et le tri s\u00e9lectif y est pris tr\u00e8s au s\u00e9rieux.<\/p>\n\n\n<p><\/p>\n\n\n\n<h2 class=\"wp-block-heading\">R\u00c8GLEMENT INT\u00c9RIEUR<\/h2>\n\n\n\n<p>DE L\u2019ESPACE DE COWORKING LE\nPRE EN BULLE<\/p>\n\n\n\n<h2 class=\"wp-block-heading\"><strong>Acc\u00e8s \u00e0\nl\u2019espace, fermeture<\/strong><\/h2>\n\n\n\n<p>L\u2019espace est accessible du lundi au vendredi de 8h \u00e0\n18h (horaires \u00e9largis possibles pour les coworkers R\u00e9sidents). Le dernier\ncoworker doit v\u00e9rifier la fermeture des fen\u00eatres et des volets, \u00e9teindre les\nlumi\u00e8res et s\u2019assurer que les portes sont verrouill\u00e9es en partant.<\/p>\n\n\n\n<h2 class=\"wp-block-heading\"><strong>Gestion\ndes visiteurs<\/strong><\/h2>\n\n\n\n<p>Le nombre est limit\u00e9 \u00e0 2 visiteurs (sauf accord) et\nles RDV doivent \u00eatre organis\u00e9s dans la petite salle de r\u00e9union qui aura alors\n\u00e9t\u00e9 r\u00e9serv\u00e9e par le coworker (voir conditions de r\u00e9servation de la salle de\nr\u00e9union ci-dessous). Lorsque le coworker accueille un visiteur, il s\u2019engage \u00e0\nce que cela ne perturbe pas le calme ou l\u2019organisation de l\u2019espace. Les\nvisiteurs sont sous l\u2019enti\u00e8re responsabilit\u00e9 du coworker qui les a invit\u00e9s et\ndoivent respecter le pr\u00e9sent R\u00e8glement Int\u00e9rieur.<\/p>\n\n\n\n<h2 class=\"wp-block-heading\"><strong>Utilisation\net\/ou r\u00e9servation des bureaux individuels et de la salle de r\u00e9union.<\/strong><\/h2>\n\n\n\n<p>Les bureaux \u00ab&nbsp;<strong><em>Bulle\u2019Zen<\/em><\/strong>&nbsp;\u00bb et \u00ab&nbsp;<strong><em>Bulle\u2019Retro<\/em><\/strong>&nbsp;\u00bb ainsi que la salle de r\u00e9union \u00ab&nbsp;<strong><em>Bulle\u2019Cr\u00e9ative<\/em><\/strong>&nbsp;\u00bb\ndoivent rester disponibles et ne peuvent \u00eatre utilis\u00e9e comme un espace privatif\nde mani\u00e8re prolong\u00e9e (sauf accord). Ils peuvent \u00eatre utilis\u00e9s gratuitement par\nles coworkers <strong>r\u00e9sidents<\/strong> pour des utilisations <strong>ponctuelles<\/strong> et\nlimit\u00e9es \u00e0 <strong>30 minutes maximum<\/strong> ; pour une utilisation plus\nr\u00e9guli\u00e8re ou plus longue, ils peuvent \u00eatre r\u00e9serv\u00e9s sous la forme d\u2019un service\nadditionnel (sous r\u00e9serve de disponibilit\u00e9).<\/p>\n\n\n\n<h2 class=\"wp-block-heading\"><strong>Propret\u00e9\n\/ Rangement<\/strong><\/h2>\n\n\n\n<p>Le nettoyage de l\u2019espace et des parties communes du\nb\u00e2timent est inclus dans la prestation ; toutefois, les coworkers sont invit\u00e9s\n\u00e0 respecter la propret\u00e9 des espaces notamment en laissant les parties communes\n(entr\u00e9e et sanitaires), la cuisine, les espaces de travail ou de r\u00e9union et les\nbureaux propres, rang\u00e9s et pr\u00eats \u00e0 l\u2019usage apr\u00e8s chaque utilisation.<\/p>\n\n\n\n<p>Les postes de travail n\u2019\u00e9tant pas privatifs, les\ncoworkers ne peuvent stocker dans l\u2019espace leurs effets personnels et\/ou leur\nmat\u00e9riel professionnel (sauf accord, et le cas \u00e9ch\u00e9ant les coworkers resteront\nresponsables de son mat\u00e9riel). Des casiers sous cl\u00e9s sont mis \u00e0 dispositions\n(sur demande) des coworkers r\u00e9sidents.<\/p>\n\n\n\n<h2 class=\"wp-block-heading\"><strong>Cigarette\net e-cigarette<\/strong><\/h2>\n\n\n\n<p>L\u2019espace de coworking, tout comme l\u2019ensemble du\nb\u00e2timent, est enti\u00e8rement non-fumeur.<\/p>\n\n\n\n<h2 class=\"wp-block-heading\"><strong>Repas \/\nPauses<\/strong><\/h2>\n\n\n\n<p>Les coworkers qui souhaitent d\u00e9jeuner sur place y sont\nautoris\u00e9s amis ils s\u2019assureront de laisser chaque emplacement propre (et d\u2019a\u00e9rer\nsi besoin) apr\u00e8s utilisation.<\/p>\n\n\n\n<p>Un micro-onde, un r\u00e9frig\u00e9rateur, une cafeti\u00e8re ainsi\nque bouilloire sont mis \u00e0 disposition des coworkers.<\/p>\n\n\n\n<h2 class=\"wp-block-heading\"><strong>T\u00e9l\u00e9phone,\nrdv, discussions<\/strong><\/h2>\n\n\n\n<p>Les coworkers s\u2019engagent \u00e0 rester le plus discrets\npossible au sein de l\u2019espace \u00ab&nbsp;<strong><em>Bulle\u2019Team<\/em><\/strong>&nbsp;\u00bb et \u00e0 maintenir une ambiance favorable \u00e0 la\nconcentration des autres coworkers : ils font donc en sorte de privil\u00e9gier les\nt\u00e9l\u00e9phones en mode \u00ab discret \u00bb, les appels t\u00e9l\u00e9phoniques \u00e0 l\u2019ext\u00e9rieur de l\u2019espace\n\u00ab <strong><em>Bulle\u2019Team<\/em><\/strong> \u00bb; et, d\u2019une mani\u00e8re g\u00e9n\u00e9rale, ils s\u2019efforcent de\nrespecter un certain niveau sonore.<\/p>\n\n\n\n<h2 class=\"wp-block-heading\"><strong>Respect\ndu mat\u00e9riel<\/strong><\/h2>\n\n\n\n<p>Les coworkers s\u2019engagent \u00e0 respecter la propret\u00e9 et le\nbon \u00e9tat de fonctionnement du mat\u00e9riel mis \u00e0 disposition (mobilier,\n\u00e9quipements\u2026) et \u00e0 signaler tout incident, ou toute anomalie dans le\nfonctionnement des machines et du mat\u00e9riel.<\/p>\n\n\n\n<h2 class=\"wp-block-heading\"><strong>Internet<\/strong><\/h2>\n\n\n\n<p>Selon leurs pr\u00e9f\u00e9rences, les coworkers pourront\nutiliser Internet via le code wifi (fourni \u00e0 leur arriv\u00e9e) ou un c\u00e2blage r\u00e9seau\n(c\u00e2ble sur demande). Les coworkers s\u2019engagent \u00e0 ne pas utiliser le r\u00e9seau mis \u00e0\ndisposition pour exercer une activit\u00e9 illicite et \u00e0 ne pas exploiter la bande\npassante d\u2019une mani\u00e8re qui pourrait nuire \u00e0 l\u2019activit\u00e9 des autres coworkers.<\/p>\n\n\n\n<h2 class=\"wp-block-heading\"><strong>\u00c9coresponsabilit\u00e9<\/strong><\/h2>\n\n\n\n<p>Les coworkers sont invit\u00e9s \u00e0 trier leurs d\u00e9chets et \u00e0\ntenter l\u2019objectif \u00ab mini d\u00e9chets \u00bb (produire le moins de d\u00e9chets possibles).<\/p>\n\n\n\n<p><em>R\u00e8glement\nint\u00e9rieur mis \u00e0 jour \u00e0 L\u2019Herbergement, le 8 octobre 2019.<\/em><\/p>\n","protected":false},"excerpt":{"rendered":"<p>Au Pr\u00e9 En Bulle, la cause environnementale est une valeur forte. C&#8217;est pour cette raison, que l&#8217;usage du &#8220;plastique&#8221; est minimis\u00e9 (ex : usage de bouteilles d&#8217;eau en verre) et le tri s\u00e9lectif y est pris tr\u00e8s au s\u00e9rieux. R\u00c8GLEMENT INT\u00c9RIEUR DE L\u2019ESPACE DE COWORKING LE PRE EN BULLE Acc\u00e8s \u00e0 l\u2019espace, fermeture L\u2019espace est&hellip; <a href=\"https:\/\/lepreenbulle.fr\/?page_id=148\" class=\"more-link\">Lire la suite <span class=\"screen-reader-text\">Charte \u00e9thique et r\u00e8glement int\u00e9rieur<\/span><\/a><\/p>\n","protected":false},"author":1,"featured_media":60,"parent":0,"menu_order":0,"comment_status":"closed","ping_status":"closed","template":"","meta":{"footnotes":""},"tags":[],"class_list":["post-148","page","type-page","status-publish","has-post-thumbnail","hentry","without-featured-image"],"jetpack_sharing_enabled":true,"_links":{"self":[{"href":"https:\/\/lepreenbulle.fr\/index.php?rest_route=\/wp\/v2\/pages\/148","targetHints":{"allow":["GET"]}}],"collection":[{"href":"https:\/\/lepreenbulle.fr\/index.php?rest_route=\/wp\/v2\/pages"}],"about":[{"href":"https:\/\/lepreenbulle.fr\/index.php?rest_route=\/wp\/v2\/types\/page"}],"author":[{"embeddable":true,"href":"https:\/\/lepreenbulle.fr\/index.php?rest_route=\/wp\/v2\/users\/1"}],"replies":[{"embeddable":true,"href":"https:\/\/lepreenbulle.fr\/index.php?rest_route=%2Fwp%2Fv2%2Fcomments&post=148"}],"version-history":[{"count":1,"href":"https:\/\/lepreenbulle.fr\/index.php?rest_route=\/wp\/v2\/pages\/148\/revisions"}],"predecessor-version":[{"id":341,"href":"https:\/\/lepreenbulle.fr\/index.php?rest_route=\/wp\/v2\/pages\/148\/revisions\/341"}],"wp:featuredmedia":[{"embeddable":true,"href":"https:\/\/lepreenbulle.fr\/index.php?rest_route=\/wp\/v2\/media\/60"}],"wp:attachment":[{"href":"https:\/\/lepreenbulle.fr\/index.php?rest_route=%2Fwp%2Fv2%2Fmedia&parent=148"}],"wp:term":[{"taxonomy":"post_tag","embeddable":true,"href":"https:\/\/lepreenbulle.fr\/index.php?rest_route=%2Fwp%2Fv2%2Ftags&post=148"}],"curies":[{"name":"wp","href":"https:\/\/api.w.org\/{rel}","templated":true}]}}