{"id":103,"date":"2019-09-03T14:09:18","date_gmt":"2019-09-03T12:09:18","guid":{"rendered":"https:\/\/lepreenbulle.wordpress.com\/?page_id=103"},"modified":"2020-05-08T17:49:37","modified_gmt":"2020-05-08T15:49:37","slug":"la-bullezen","status":"publish","type":"page","link":"https:\/\/lepreenbulle.fr\/?page_id=103","title":{"rendered":"La Bulle&#8217;Zen"},"content":{"rendered":"<p>Vous \u00eates :<\/p>\n<ul>\n<li>Un(e) ind\u00e9pendant(e),<\/li>\n<li>Un(e) consultant(e) itin\u00e9rant(e), commercial(e)<\/li>\n<li>Un(e) entrepreneur(e),<\/li>\n<\/ul>\n<p>Et vous recherchez un endroit confortable et convivial pour recevoir vos clients ?<img loading=\"lazy\" decoding=\"async\" class=\"  wp-image-106 alignleft\" src=\"http:\/\/lepreenbulle.fr\/wp-content\/uploads\/2019\/09\/location_bureau_vendee22.jpg\" alt=\"location_bureau_vendee22\" width=\"472\" height=\"229\" srcset=\"https:\/\/lepreenbulle.fr\/wp-content\/uploads\/2019\/09\/location_bureau_vendee22.jpg 1600w, https:\/\/lepreenbulle.fr\/wp-content\/uploads\/2019\/09\/location_bureau_vendee22-300x146.jpg 300w, https:\/\/lepreenbulle.fr\/wp-content\/uploads\/2019\/09\/location_bureau_vendee22-768x373.jpg 768w, https:\/\/lepreenbulle.fr\/wp-content\/uploads\/2019\/09\/location_bureau_vendee22-1024x497.jpg 1024w, https:\/\/lepreenbulle.fr\/wp-content\/uploads\/2019\/09\/location_bureau_vendee22-1568x761.jpg 1568w\" sizes=\"auto, (max-width: 472px) 100vw, 472px\" \/><\/p>\n<p>La <strong><span style=\"color: #33cccc;\">Bulle&#8217;Zen<\/span><\/strong> est faite pour vous !<\/p>\n<p>Louable aussi bien \u00e0 l&#8217;heure qu&#8217;\u00e0 la demi-journ\u00e9e ou journ\u00e9e.<\/p>\n<ul>\n<li>La <span style=\"color: #33cccc;\"><strong>Bulle&#8217;Zen<\/strong><\/span>, espace bienveillant pour vos rendez-vous en face \u00e0 face ou vos consultation en p&#8217;tit salon.(8.50\u20ac\/h; 30\u20ac la 1\/2 journ\u00e9e; 50\u20ac\/journ\u00e9e; 350\u20ac\/mois).<\/li>\n<li>La <strong><span style=\"color: #33cccc;\">Bulle&#8217;Zen<\/span><\/strong> est \u00e9quip\u00e9e d&#8217;\u00e9clairage et de fauteuils parfaitement adapt\u00e9s pour des s\u00e9ances de sophrologie, d&#8217;hypnose ou de coaching.<\/li>\n<\/ul>\n<p><img loading=\"lazy\" decoding=\"async\" class=\"  wp-image-104 alignright\" src=\"http:\/\/lepreenbulle.fr\/wp-content\/uploads\/2019\/09\/location_bureau_vendee3.jpg\" alt=\"location_bureau_vendee3\" width=\"424\" height=\"196\" srcset=\"https:\/\/lepreenbulle.fr\/wp-content\/uploads\/2019\/09\/location_bureau_vendee3.jpg 4608w, https:\/\/lepreenbulle.fr\/wp-content\/uploads\/2019\/09\/location_bureau_vendee3-300x139.jpg 300w, https:\/\/lepreenbulle.fr\/wp-content\/uploads\/2019\/09\/location_bureau_vendee3-768x355.jpg 768w, https:\/\/lepreenbulle.fr\/wp-content\/uploads\/2019\/09\/location_bureau_vendee3-1024x473.jpg 1024w, https:\/\/lepreenbulle.fr\/wp-content\/uploads\/2019\/09\/location_bureau_vendee3-1568x724.jpg 1568w\" sizes=\"auto, (max-width: 424px) 100vw, 424px\" \/><\/p>\n\n\n\n\n<p>Variez les ambiances en choisissant diff\u00e9rentes sources d&#8217;\u00e9clairage. Au Pr\u00e9 en Bulle, il y en a 7 diff\u00e9rentes.<\/p>\n\n\n\n<figure class=\"wp-block-image size-large\"><img loading=\"lazy\" decoding=\"async\" width=\"1024\" height=\"472\" src=\"http:\/\/lepreenbulle.fr\/wp-content\/uploads\/2020\/02\/location_bureau_vendee86-1024x472.jpg\" alt=\"\" class=\"wp-image-399\" srcset=\"https:\/\/lepreenbulle.fr\/wp-content\/uploads\/2020\/02\/location_bureau_vendee86-1024x472.jpg 1024w, https:\/\/lepreenbulle.fr\/wp-content\/uploads\/2020\/02\/location_bureau_vendee86-300x138.jpg 300w, https:\/\/lepreenbulle.fr\/wp-content\/uploads\/2020\/02\/location_bureau_vendee86-768x354.jpg 768w, https:\/\/lepreenbulle.fr\/wp-content\/uploads\/2020\/02\/location_bureau_vendee86-1536x708.jpg 1536w, https:\/\/lepreenbulle.fr\/wp-content\/uploads\/2020\/02\/location_bureau_vendee86-2048x944.jpg 2048w\" sizes=\"auto, (max-width: 1024px) 100vw, 1024px\" \/><\/figure>\n\n\n\n<p>   <span style=\"text-decoration: underline;\"><strong> Am\u00e9nagement sp\u00e9cial COVID-19<\/strong><\/span><\/p>\n\n\n\n<figure class=\"wp-block-image size-large\"><img loading=\"lazy\" decoding=\"async\" width=\"1024\" height=\"472\" src=\"http:\/\/lepreenbulle.fr\/wp-content\/uploads\/2020\/05\/location_bureau_vendee51covid3-1024x472.jpg\" alt=\"\" class=\"wp-image-459\" srcset=\"https:\/\/lepreenbulle.fr\/wp-content\/uploads\/2020\/05\/location_bureau_vendee51covid3-1024x472.jpg 1024w, https:\/\/lepreenbulle.fr\/wp-content\/uploads\/2020\/05\/location_bureau_vendee51covid3-300x138.jpg 300w, https:\/\/lepreenbulle.fr\/wp-content\/uploads\/2020\/05\/location_bureau_vendee51covid3-768x354.jpg 768w, https:\/\/lepreenbulle.fr\/wp-content\/uploads\/2020\/05\/location_bureau_vendee51covid3-1536x708.jpg 1536w, https:\/\/lepreenbulle.fr\/wp-content\/uploads\/2020\/05\/location_bureau_vendee51covid3-2048x944.jpg 2048w\" sizes=\"auto, (max-width: 1024px) 100vw, 1024px\" \/><\/figure>\n\n\n\n<p><strong>Bulle&#8217;Zen<\/strong> s&#8217;est r\u00e9am\u00e9nag\u00e9e afin de r\u00e9pondre aux mesures de s\u00e9curit\u00e9 li\u00e9e au virus Covid-19.<\/p>\n\n\n\n<p>Ainsi, seules 2 personnes sont autoris\u00e9es dans ce bureau. Une distance de 1.20m est pr\u00e9sente entre les 2 chaises du bureau, ainsi qu&#8217;entre les 2 fauteuils de consultation.<\/p>\n\n\n\n<p>Un kit de d\u00e9sinfection des surfaces, des textiles et des mains est disponible. La surface du bureau comme les coussins d&#8217;assise des fauteuils ont \u00e9t\u00e9 recouverts d&#8217;une mati\u00e8re supportant une d\u00e9sinfection fr\u00e9quente.<\/p>\n\n\n\n<p>Le port du masque vous est conseill\u00e9 ainsi qu&#8217;a vos clients\/patients. Nous n&#8217;en fournissons pas.<\/p>\n\n\n\n<p>Pour une question d&#8217;hygi\u00e8ne, les carafes et verres ont \u00e9t\u00e9 retir\u00e9s. Nous vous conseillons d&#8217;apporter votre propre &#8220;gourde\/bouteille&#8221;.<\/p>\n","protected":false},"excerpt":{"rendered":"<p>Vous \u00eates : Un(e) ind\u00e9pendant(e), Un(e) consultant(e) itin\u00e9rant(e), commercial(e) Un(e) entrepreneur(e), Et vous recherchez un endroit confortable et convivial pour recevoir vos clients ? La Bulle&#8217;Zen est faite pour vous ! Louable aussi bien \u00e0 l&#8217;heure qu&#8217;\u00e0 la demi-journ\u00e9e ou journ\u00e9e. La Bulle&#8217;Zen, espace bienveillant pour vos rendez-vous en face \u00e0 face ou vos consultation&hellip; <a href=\"https:\/\/lepreenbulle.fr\/?page_id=103\" class=\"more-link\">Lire la suite <span class=\"screen-reader-text\">La Bulle&#8217;Zen<\/span><\/a><\/p>\n","protected":false},"author":1,"featured_media":284,"parent":28,"menu_order":0,"comment_status":"closed","ping_status":"closed","template":"","meta":{"footnotes":""},"tags":[],"class_list":["post-103","page","type-page","status-publish","has-post-thumbnail","hentry","without-featured-image"],"jetpack_sharing_enabled":true,"_links":{"self":[{"href":"https:\/\/lepreenbulle.fr\/index.php?rest_route=\/wp\/v2\/pages\/103","targetHints":{"allow":["GET"]}}],"collection":[{"href":"https:\/\/lepreenbulle.fr\/index.php?rest_route=\/wp\/v2\/pages"}],"about":[{"href":"https:\/\/lepreenbulle.fr\/index.php?rest_route=\/wp\/v2\/types\/page"}],"author":[{"embeddable":true,"href":"https:\/\/lepreenbulle.fr\/index.php?rest_route=\/wp\/v2\/users\/1"}],"replies":[{"embeddable":true,"href":"https:\/\/lepreenbulle.fr\/index.php?rest_route=%2Fwp%2Fv2%2Fcomments&post=103"}],"version-history":[{"count":13,"href":"https:\/\/lepreenbulle.fr\/index.php?rest_route=\/wp\/v2\/pages\/103\/revisions"}],"predecessor-version":[{"id":461,"href":"https:\/\/lepreenbulle.fr\/index.php?rest_route=\/wp\/v2\/pages\/103\/revisions\/461"}],"up":[{"embeddable":true,"href":"https:\/\/lepreenbulle.fr\/index.php?rest_route=\/wp\/v2\/pages\/28"}],"wp:featuredmedia":[{"embeddable":true,"href":"https:\/\/lepreenbulle.fr\/index.php?rest_route=\/wp\/v2\/media\/284"}],"wp:attachment":[{"href":"https:\/\/lepreenbulle.fr\/index.php?rest_route=%2Fwp%2Fv2%2Fmedia&parent=103"}],"wp:term":[{"taxonomy":"post_tag","embeddable":true,"href":"https:\/\/lepreenbulle.fr\/index.php?rest_route=%2Fwp%2Fv2%2Ftags&post=103"}],"curies":[{"name":"wp","href":"https:\/\/api.w.org\/{rel}","templated":true}]}}